{"id":19361,"date":"2024-02-05T09:40:12","date_gmt":"2024-02-05T08:40:12","guid":{"rendered":"https:\/\/www.acelvakondcyclingteam.hu\/?page_id=19361"},"modified":"2024-02-13T10:50:06","modified_gmt":"2024-02-13T09:50:06","slug":"hirek","status":"publish","type":"page","link":"https:\/\/www.acelvakondcyclingteam.hu\/en\/hirek\/","title":{"rendered":"News"},"content":{"rendered":"<div data-elementor-type=\"wp-page\" data-elementor-id=\"19361\" class=\"elementor elementor-19361\" data-elementor-post-type=\"page\">\n\t\t\t\t<div class=\"elementor-element elementor-element-c131084 e-con-full e-flex e-con e-parent\" data-id=\"c131084\" data-element_type=\"container\" data-settings=\"{&quot;background_background&quot;:&quot;classic&quot;}\">\n\t\t\t\t<div class=\"elementor-element elementor-element-062ff16 elementor-widget elementor-widget-spacer\" data-id=\"062ff16\" data-element_type=\"widget\" data-widget_type=\"spacer.default\">\n\t\t\t\t<div class=\"elementor-widget-container\">\n\t\t\t\t\t\t\t<div class=\"elementor-spacer\">\n\t\t\t<div class=\"elementor-spacer-inner\"><\/div>\n\t\t<\/div>\n\t\t\t\t\t\t<\/div>\n\t\t\t\t<\/div>\n\t\t\t\t<div class=\"elementor-element elementor-element-0f31909 elementor-widget elementor-widget-heading\" data-id=\"0f31909\" data-element_type=\"widget\" data-widget_type=\"heading.default\">\n\t\t\t\t<div class=\"elementor-widget-container\">\n\t\t\t\t\t<h2 class=\"elementor-heading-title elementor-size-default\">h\u00edrek<\/h2>\t\t\t\t<\/div>\n\t\t\t\t<\/div>\n\t\t\t\t<\/div>\n\t\t<div class=\"elementor-element elementor-element-eb54038 e-flex e-con-boxed e-con e-parent\" data-id=\"eb54038\" data-element_type=\"container\">\n\t\t\t\t\t<div class=\"e-con-inner\">\n\t\t\t\t<div class=\"elementor-element elementor-element-b8a2ac1 elementor-grid-2 elementor-grid-tablet-2 elementor-grid-mobile-1 elementor-posts--thumbnail-top elementor-widget elementor-widget-posts\" data-id=\"b8a2ac1\" data-element_type=\"widget\" data-settings=\"{&quot;classic_columns&quot;:&quot;2&quot;,&quot;pagination_type&quot;:&quot;numbers_and_prev_next&quot;,&quot;classic_columns_tablet&quot;:&quot;2&quot;,&quot;classic_columns_mobile&quot;:&quot;1&quot;,&quot;classic_row_gap&quot;:{&quot;unit&quot;:&quot;px&quot;,&quot;size&quot;:35,&quot;sizes&quot;:[]},&quot;classic_row_gap_tablet&quot;:{&quot;unit&quot;:&quot;px&quot;,&quot;size&quot;:&quot;&quot;,&quot;sizes&quot;:[]},&quot;classic_row_gap_mobile&quot;:{&quot;unit&quot;:&quot;px&quot;,&quot;size&quot;:&quot;&quot;,&quot;sizes&quot;:[]}}\" data-widget_type=\"posts.classic\">\n\t\t\t\t<div class=\"elementor-widget-container\">\n\t\t\t\t\t\t\t<div class=\"elementor-posts-container elementor-posts elementor-posts--skin-classic elementor-grid\">\n\t\t\t\t<article class=\"elementor-post elementor-grid-item post-20450 post type-post status-publish format-standard has-post-thumbnail hentry category-hirek\">\n\t\t\t\t<a class=\"elementor-post__thumbnail__link\" href=\"https:\/\/www.acelvakondcyclingteam.hu\/en\/2024\/04\/12\/nagyszabasu-kerekparversenynek-ad-otthont-a-bakony-fovarosa\/\" tabindex=\"-1\" target=\"&quot;_blank&quot;\">\n\t\t\t<div class=\"elementor-post__thumbnail\"><img fetchpriority=\"high\" decoding=\"async\" width=\"1039\" height=\"829\" src=\"https:\/\/www.acelvakondcyclingteam.hu\/wp-content\/uploads\/2024\/04\/3c0fb06a2b434f7f8dfd3503170aff32.jpg\" class=\"attachment-full size-full wp-image-20452\" alt=\"\" srcset=\"https:\/\/www.acelvakondcyclingteam.hu\/wp-content\/uploads\/2024\/04\/3c0fb06a2b434f7f8dfd3503170aff32.jpg 1039w, https:\/\/www.acelvakondcyclingteam.hu\/wp-content\/uploads\/2024\/04\/3c0fb06a2b434f7f8dfd3503170aff32-300x239.jpg 300w, https:\/\/www.acelvakondcyclingteam.hu\/wp-content\/uploads\/2024\/04\/3c0fb06a2b434f7f8dfd3503170aff32-1024x817.jpg 1024w, https:\/\/www.acelvakondcyclingteam.hu\/wp-content\/uploads\/2024\/04\/3c0fb06a2b434f7f8dfd3503170aff32-768x613.jpg 768w, https:\/\/www.acelvakondcyclingteam.hu\/wp-content\/uploads\/2024\/04\/3c0fb06a2b434f7f8dfd3503170aff32-15x12.jpg 15w, https:\/\/www.acelvakondcyclingteam.hu\/wp-content\/uploads\/2024\/04\/3c0fb06a2b434f7f8dfd3503170aff32-600x479.jpg 600w\" sizes=\"(max-width: 1039px) 100vw, 1039px\" \/><\/div>\n\t\t<\/a>\n\t\t\t\t<div class=\"elementor-post__text\">\n\t\t\t\t<h3 class=\"elementor-post__title\">\n\t\t\t<a href=\"https:\/\/www.acelvakondcyclingteam.hu\/en\/2024\/04\/12\/nagyszabasu-kerekparversenynek-ad-otthont-a-bakony-fovarosa\/\" target=\"&quot;_blank&quot;\">\n\t\t\t\tNagyszab\u00e1s\u00fa ker\u00e9kp\u00e1rversenynek ad otthont a Bakony f\u0151v\u00e1rosa\t\t\t<\/a>\n\t\t<\/h3>\n\t\t\t\t<div class=\"elementor-post__meta-data\">\n\t\t\t\t\t<span class=\"elementor-post-date\">\n\t\t\t2024.04.12.\t\t<\/span>\n\t\t\t\t<span class=\"elementor-post-avatar\">\n\t\t\tNo Comments\t\t<\/span>\n\t\t\t\t<\/div>\n\t\t\n\t\t<a class=\"elementor-post__read-more\" href=\"https:\/\/www.acelvakondcyclingteam.hu\/en\/2024\/04\/12\/nagyszabasu-kerekparversenynek-ad-otthont-a-bakony-fovarosa\/\" aria-label=\"Read more about Nagyszab\u00e1s\u00fa ker\u00e9kp\u00e1rversenynek ad otthont a Bakony f\u0151v\u00e1rosa\" tabindex=\"-1\" target=\"_blank\">\n\t\t\tRead more \u00bb\t\t<\/a>\n\n\t\t\t\t<\/div>\n\t\t\t\t<\/article>\n\t\t\t\t<article class=\"elementor-post elementor-grid-item post-20415 post type-post status-publish format-standard has-post-thumbnail hentry category-beszamolo category-eredmenyek category-hirek category-verseny\">\n\t\t\t\t<a class=\"elementor-post__thumbnail__link\" href=\"https:\/\/www.acelvakondcyclingteam.hu\/en\/2024\/04\/06\/az-ev-elso-versenyei-beszamolo\/\" tabindex=\"-1\" target=\"&quot;_blank&quot;\">\n\t\t\t<div class=\"elementor-post__thumbnail\"><img decoding=\"async\" width=\"2048\" height=\"1342\" src=\"https:\/\/www.acelvakondcyclingteam.hu\/wp-content\/uploads\/2024\/04\/IMG_5501.jpeg\" class=\"attachment-full size-full wp-image-20420\" alt=\"\" srcset=\"https:\/\/www.acelvakondcyclingteam.hu\/wp-content\/uploads\/2024\/04\/IMG_5501.jpeg 2048w, https:\/\/www.acelvakondcyclingteam.hu\/wp-content\/uploads\/2024\/04\/IMG_5501-300x197.jpeg 300w, https:\/\/www.acelvakondcyclingteam.hu\/wp-content\/uploads\/2024\/04\/IMG_5501-1024x671.jpeg 1024w, https:\/\/www.acelvakondcyclingteam.hu\/wp-content\/uploads\/2024\/04\/IMG_5501-768x503.jpeg 768w, https:\/\/www.acelvakondcyclingteam.hu\/wp-content\/uploads\/2024\/04\/IMG_5501-1536x1007.jpeg 1536w, https:\/\/www.acelvakondcyclingteam.hu\/wp-content\/uploads\/2024\/04\/IMG_5501-18x12.jpeg 18w, https:\/\/www.acelvakondcyclingteam.hu\/wp-content\/uploads\/2024\/04\/IMG_5501-600x393.jpeg 600w\" sizes=\"(max-width: 2048px) 100vw, 2048px\" \/><\/div>\n\t\t<\/a>\n\t\t\t\t<div class=\"elementor-post__text\">\n\t\t\t\t<h3 class=\"elementor-post__title\">\n\t\t\t<a href=\"https:\/\/www.acelvakondcyclingteam.hu\/en\/2024\/04\/06\/az-ev-elso-versenyei-beszamolo\/\" target=\"&quot;_blank&quot;\">\n\t\t\t\tAz \u00e9v els\u0151 versenyei &#8211; besz\u00e1mol\u00f3\t\t\t<\/a>\n\t\t<\/h3>\n\t\t\t\t<div class=\"elementor-post__meta-data\">\n\t\t\t\t\t<span class=\"elementor-post-date\">\n\t\t\t2024.04.06.\t\t<\/span>\n\t\t\t\t<span class=\"elementor-post-avatar\">\n\t\t\tNo Comments\t\t<\/span>\n\t\t\t\t<\/div>\n\t\t\n\t\t<a class=\"elementor-post__read-more\" href=\"https:\/\/www.acelvakondcyclingteam.hu\/en\/2024\/04\/06\/az-ev-elso-versenyei-beszamolo\/\" aria-label=\"Read more about Az \u00e9v els\u0151 versenyei &#8211; besz\u00e1mol\u00f3\" tabindex=\"-1\" target=\"_blank\">\n\t\t\tRead more \u00bb\t\t<\/a>\n\n\t\t\t\t<\/div>\n\t\t\t\t<\/article>\n\t\t\t\t<article class=\"elementor-post elementor-grid-item post-20201 post type-post status-publish format-standard has-post-thumbnail hentry category-eredmenyek category-hirek category-verseny\">\n\t\t\t\t<a class=\"elementor-post__thumbnail__link\" href=\"https:\/\/www.acelvakondcyclingteam.hu\/en\/2023\/11\/23\/fejer-varmegyet-is-meghoditottak-az-acel-vakondok\/\" tabindex=\"-1\" target=\"&quot;_blank&quot;\">\n\t\t\t<div class=\"elementor-post__thumbnail\"><img decoding=\"async\" width=\"1832\" height=\"1030\" src=\"https:\/\/www.acelvakondcyclingteam.hu\/wp-content\/uploads\/2024\/02\/mori_karika.jpg\" class=\"attachment-full size-full wp-image-20202\" alt=\"\" srcset=\"https:\/\/www.acelvakondcyclingteam.hu\/wp-content\/uploads\/2024\/02\/mori_karika.jpg 1832w, https:\/\/www.acelvakondcyclingteam.hu\/wp-content\/uploads\/2024\/02\/mori_karika-300x169.jpg 300w, https:\/\/www.acelvakondcyclingteam.hu\/wp-content\/uploads\/2024\/02\/mori_karika-1024x576.jpg 1024w, https:\/\/www.acelvakondcyclingteam.hu\/wp-content\/uploads\/2024\/02\/mori_karika-768x432.jpg 768w, https:\/\/www.acelvakondcyclingteam.hu\/wp-content\/uploads\/2024\/02\/mori_karika-1536x864.jpg 1536w, https:\/\/www.acelvakondcyclingteam.hu\/wp-content\/uploads\/2024\/02\/mori_karika-18x10.jpg 18w, https:\/\/www.acelvakondcyclingteam.hu\/wp-content\/uploads\/2024\/02\/mori_karika-150x85.jpg 150w, https:\/\/www.acelvakondcyclingteam.hu\/wp-content\/uploads\/2024\/02\/mori_karika-600x337.jpg 600w\" sizes=\"(max-width: 1832px) 100vw, 1832px\" \/><\/div>\n\t\t<\/a>\n\t\t\t\t<div class=\"elementor-post__text\">\n\t\t\t\t<h3 class=\"elementor-post__title\">\n\t\t\t<a href=\"https:\/\/www.acelvakondcyclingteam.hu\/en\/2023\/11\/23\/fejer-varmegyet-is-meghoditottak-az-acel-vakondok\/\" target=\"&quot;_blank&quot;\">\n\t\t\t\tFej\u00e9r v\u00e1rmegy\u00e9t is megh\u00f3d\u00edtott\u00e1k az Ac\u00e9l-Vakondok!\t\t\t<\/a>\n\t\t<\/h3>\n\t\t\t\t<div class=\"elementor-post__meta-data\">\n\t\t\t\t\t<span class=\"elementor-post-date\">\n\t\t\t2023.11.23.\t\t<\/span>\n\t\t\t\t<span class=\"elementor-post-avatar\">\n\t\t\tNo Comments\t\t<\/span>\n\t\t\t\t<\/div>\n\t\t\n\t\t<a class=\"elementor-post__read-more\" href=\"https:\/\/www.acelvakondcyclingteam.hu\/en\/2023\/11\/23\/fejer-varmegyet-is-meghoditottak-az-acel-vakondok\/\" aria-label=\"Read more about Fej\u00e9r v\u00e1rmegy\u00e9t is megh\u00f3d\u00edtott\u00e1k az Ac\u00e9l-Vakondok!\" tabindex=\"-1\" target=\"_blank\">\n\t\t\tRead more \u00bb\t\t<\/a>\n\n\t\t\t\t<\/div>\n\t\t\t\t<\/article>\n\t\t\t\t<article class=\"elementor-post elementor-grid-item post-20153 post type-post status-publish format-standard has-post-thumbnail hentry category-beszamolo category-verseny\">\n\t\t\t\t<a class=\"elementor-post__thumbnail__link\" href=\"https:\/\/www.acelvakondcyclingteam.hu\/en\/2023\/09\/19\/magyar-bajnoki-cim-szokessel-es-jelentos-elonnyel-2\/\" tabindex=\"-1\" target=\"&quot;_blank&quot;\">\n\t\t\t<div class=\"elementor-post__thumbnail\"><img loading=\"lazy\" decoding=\"async\" width=\"1200\" height=\"800\" src=\"https:\/\/www.acelvakondcyclingteam.hu\/wp-content\/uploads\/2024\/02\/9ff7a4789ef84eaf895e3857adfa9858.jpg\" class=\"attachment-full size-full wp-image-20141\" alt=\"\" srcset=\"https:\/\/www.acelvakondcyclingteam.hu\/wp-content\/uploads\/2024\/02\/9ff7a4789ef84eaf895e3857adfa9858.jpg 1200w, https:\/\/www.acelvakondcyclingteam.hu\/wp-content\/uploads\/2024\/02\/9ff7a4789ef84eaf895e3857adfa9858-300x200.jpg 300w, https:\/\/www.acelvakondcyclingteam.hu\/wp-content\/uploads\/2024\/02\/9ff7a4789ef84eaf895e3857adfa9858-1024x683.jpg 1024w, https:\/\/www.acelvakondcyclingteam.hu\/wp-content\/uploads\/2024\/02\/9ff7a4789ef84eaf895e3857adfa9858-768x512.jpg 768w, https:\/\/www.acelvakondcyclingteam.hu\/wp-content\/uploads\/2024\/02\/9ff7a4789ef84eaf895e3857adfa9858-18x12.jpg 18w, https:\/\/www.acelvakondcyclingteam.hu\/wp-content\/uploads\/2024\/02\/9ff7a4789ef84eaf895e3857adfa9858-600x400.jpg 600w\" sizes=\"(max-width: 1200px) 100vw, 1200px\" \/><\/div>\n\t\t<\/a>\n\t\t\t\t<div class=\"elementor-post__text\">\n\t\t\t\t<h3 class=\"elementor-post__title\">\n\t\t\t<a href=\"https:\/\/www.acelvakondcyclingteam.hu\/en\/2023\/09\/19\/magyar-bajnoki-cim-szokessel-es-jelentos-elonnyel-2\/\" target=\"&quot;_blank&quot;\">\n\t\t\t\tMagyar bajnoki c\u00edm sz\u00f6k\u00e9ssel \u00e9s jelent\u0151s el\u0151nnyel\t\t\t<\/a>\n\t\t<\/h3>\n\t\t\t\t<div class=\"elementor-post__meta-data\">\n\t\t\t\t\t<span class=\"elementor-post-date\">\n\t\t\t2023.09.19.\t\t<\/span>\n\t\t\t\t<span class=\"elementor-post-avatar\">\n\t\t\tNo Comments\t\t<\/span>\n\t\t\t\t<\/div>\n\t\t\n\t\t<a class=\"elementor-post__read-more\" href=\"https:\/\/www.acelvakondcyclingteam.hu\/en\/2023\/09\/19\/magyar-bajnoki-cim-szokessel-es-jelentos-elonnyel-2\/\" aria-label=\"Read more about Magyar bajnoki c\u00edm sz\u00f6k\u00e9ssel \u00e9s jelent\u0151s el\u0151nnyel\" tabindex=\"-1\" target=\"_blank\">\n\t\t\tRead more \u00bb\t\t<\/a>\n\n\t\t\t\t<\/div>\n\t\t\t\t<\/article>\n\t\t\t\t<article class=\"elementor-post elementor-grid-item post-20157 post type-post status-publish format-standard has-post-thumbnail hentry category-eredmenyek category-hirek category-verseny\">\n\t\t\t\t<a class=\"elementor-post__thumbnail__link\" href=\"https:\/\/www.acelvakondcyclingteam.hu\/en\/2023\/08\/09\/husz-ermet-termett-idaig-az-esztendo-a-zirci-bringasoknak-2\/\" tabindex=\"-1\" target=\"&quot;_blank&quot;\">\n\t\t\t<div class=\"elementor-post__thumbnail\"><img loading=\"lazy\" decoding=\"async\" width=\"940\" height=\"622\" src=\"https:\/\/www.acelvakondcyclingteam.hu\/wp-content\/uploads\/2023\/08\/351333486_215731407990088_1865148102459848347_n.jpg\" class=\"attachment-full size-full wp-image-20138\" alt=\"\" srcset=\"https:\/\/www.acelvakondcyclingteam.hu\/wp-content\/uploads\/2023\/08\/351333486_215731407990088_1865148102459848347_n.jpg 940w, https:\/\/www.acelvakondcyclingteam.hu\/wp-content\/uploads\/2023\/08\/351333486_215731407990088_1865148102459848347_n-300x199.jpg 300w, https:\/\/www.acelvakondcyclingteam.hu\/wp-content\/uploads\/2023\/08\/351333486_215731407990088_1865148102459848347_n-768x508.jpg 768w, https:\/\/www.acelvakondcyclingteam.hu\/wp-content\/uploads\/2023\/08\/351333486_215731407990088_1865148102459848347_n-18x12.jpg 18w, https:\/\/www.acelvakondcyclingteam.hu\/wp-content\/uploads\/2023\/08\/351333486_215731407990088_1865148102459848347_n-600x397.jpg 600w\" sizes=\"(max-width: 940px) 100vw, 940px\" \/><\/div>\n\t\t<\/a>\n\t\t\t\t<div class=\"elementor-post__text\">\n\t\t\t\t<h3 class=\"elementor-post__title\">\n\t\t\t<a href=\"https:\/\/www.acelvakondcyclingteam.hu\/en\/2023\/08\/09\/husz-ermet-termett-idaig-az-esztendo-a-zirci-bringasoknak-2\/\" target=\"&quot;_blank&quot;\">\n\t\t\t\tH\u00fasz \u00e9rmet termett id\u00e1ig az esztend\u0151 a zirci bring\u00e1soknak\t\t\t<\/a>\n\t\t<\/h3>\n\t\t\t\t<div class=\"elementor-post__meta-data\">\n\t\t\t\t\t<span class=\"elementor-post-date\">\n\t\t\t2023.08.09.\t\t<\/span>\n\t\t\t\t<span class=\"elementor-post-avatar\">\n\t\t\tNo Comments\t\t<\/span>\n\t\t\t\t<\/div>\n\t\t\n\t\t<a class=\"elementor-post__read-more\" href=\"https:\/\/www.acelvakondcyclingteam.hu\/en\/2023\/08\/09\/husz-ermet-termett-idaig-az-esztendo-a-zirci-bringasoknak-2\/\" aria-label=\"Read more about H\u00fasz \u00e9rmet termett id\u00e1ig az esztend\u0151 a zirci bring\u00e1soknak\" tabindex=\"-1\" target=\"_blank\">\n\t\t\tRead more \u00bb\t\t<\/a>\n\n\t\t\t\t<\/div>\n\t\t\t\t<\/article>\n\t\t\t\t<article class=\"elementor-post elementor-grid-item post-20135 post type-post status-publish format-standard has-post-thumbnail hentry category-beszamolo\">\n\t\t\t\t<a class=\"elementor-post__thumbnail__link\" href=\"https:\/\/www.acelvakondcyclingteam.hu\/en\/2023\/08\/02\/husz-ermet-termett-idaig-az-esztendo-a-zirci-bringasoknak\/\" tabindex=\"-1\" target=\"&quot;_blank&quot;\">\n\t\t\t<div class=\"elementor-post__thumbnail\"><img loading=\"lazy\" decoding=\"async\" width=\"940\" height=\"622\" src=\"https:\/\/www.acelvakondcyclingteam.hu\/wp-content\/uploads\/2023\/08\/351333486_215731407990088_1865148102459848347_n.jpg\" class=\"attachment-full size-full wp-image-20138\" alt=\"\" srcset=\"https:\/\/www.acelvakondcyclingteam.hu\/wp-content\/uploads\/2023\/08\/351333486_215731407990088_1865148102459848347_n.jpg 940w, https:\/\/www.acelvakondcyclingteam.hu\/wp-content\/uploads\/2023\/08\/351333486_215731407990088_1865148102459848347_n-300x199.jpg 300w, https:\/\/www.acelvakondcyclingteam.hu\/wp-content\/uploads\/2023\/08\/351333486_215731407990088_1865148102459848347_n-768x508.jpg 768w, https:\/\/www.acelvakondcyclingteam.hu\/wp-content\/uploads\/2023\/08\/351333486_215731407990088_1865148102459848347_n-18x12.jpg 18w, https:\/\/www.acelvakondcyclingteam.hu\/wp-content\/uploads\/2023\/08\/351333486_215731407990088_1865148102459848347_n-600x397.jpg 600w\" sizes=\"(max-width: 940px) 100vw, 940px\" \/><\/div>\n\t\t<\/a>\n\t\t\t\t<div class=\"elementor-post__text\">\n\t\t\t\t<h3 class=\"elementor-post__title\">\n\t\t\t<a href=\"https:\/\/www.acelvakondcyclingteam.hu\/en\/2023\/08\/02\/husz-ermet-termett-idaig-az-esztendo-a-zirci-bringasoknak\/\" target=\"&quot;_blank&quot;\">\n\t\t\t\tH\u00fasz \u00e9rmet termett id\u00e1ig az esztend\u0151 a zirci bring\u00e1soknak\t\t\t<\/a>\n\t\t<\/h3>\n\t\t\t\t<div class=\"elementor-post__meta-data\">\n\t\t\t\t\t<span class=\"elementor-post-date\">\n\t\t\t2023.08.02.\t\t<\/span>\n\t\t\t\t<span class=\"elementor-post-avatar\">\n\t\t\tNo Comments\t\t<\/span>\n\t\t\t\t<\/div>\n\t\t\n\t\t<a class=\"elementor-post__read-more\" href=\"https:\/\/www.acelvakondcyclingteam.hu\/en\/2023\/08\/02\/husz-ermet-termett-idaig-az-esztendo-a-zirci-bringasoknak\/\" aria-label=\"Read more about H\u00fasz \u00e9rmet termett id\u00e1ig az esztend\u0151 a zirci bring\u00e1soknak\" tabindex=\"-1\" target=\"_blank\">\n\t\t\tRead more \u00bb\t\t<\/a>\n\n\t\t\t\t<\/div>\n\t\t\t\t<\/article>\n\t\t\t\t<\/div>\n\t\t\n\t\t\t\t<div class=\"e-load-more-anchor\" data-page=\"1\" data-max-page=\"6\" data-next-page=\"https:\/\/www.acelvakondcyclingteam.hu\/en\/wp-json\/wp\/v2\/pages\/19361\/page\/2\/\"><\/div>\n\t\t\t\t<nav class=\"elementor-pagination\" aria-label=\"Pagination\">\n\t\t\t<span class=\"page-numbers prev\">&laquo; El\u0151z\u0151<\/span>\n<span aria-current=\"page\" class=\"page-numbers current\"><span class=\"elementor-screen-only\">Page<\/span>1<\/span>\n<a class=\"page-numbers\" href=\"https:\/\/www.acelvakondcyclingteam.hu\/en\/wp-json\/wp\/v2\/pages\/19361\/page\/2\/\"><span class=\"elementor-screen-only\">Page<\/span>2<\/a>\n<a class=\"page-numbers\" href=\"https:\/\/www.acelvakondcyclingteam.hu\/en\/wp-json\/wp\/v2\/pages\/19361\/page\/3\/\"><span class=\"elementor-screen-only\">Page<\/span>3<\/a>\n<a class=\"page-numbers\" href=\"https:\/\/www.acelvakondcyclingteam.hu\/en\/wp-json\/wp\/v2\/pages\/19361\/page\/4\/\"><span class=\"elementor-screen-only\">Page<\/span>4<\/a>\n<a class=\"page-numbers\" href=\"https:\/\/www.acelvakondcyclingteam.hu\/en\/wp-json\/wp\/v2\/pages\/19361\/page\/5\/\"><span class=\"elementor-screen-only\">Page<\/span>5<\/a>\n<a class=\"page-numbers next\" href=\"https:\/\/www.acelvakondcyclingteam.hu\/en\/wp-json\/wp\/v2\/pages\/19361\/page\/2\/\">K\u00f6vetkez\u0151 &raquo;<\/a>\t\t<\/nav>\n\t\t\t\t\t\t<\/div>\n\t\t\t\t<\/div>\n\t\t\t\t\t<\/div>\n\t\t\t\t<\/div>\n\t\t\t\t<\/div>","protected":false},"excerpt":{"rendered":"<p>h\u00edrek<\/p>","protected":false},"author":1,"featured_media":0,"parent":0,"menu_order":0,"comment_status":"closed","ping_status":"closed","template":"page-templates\/fullwidth-content.php","meta":{"footnotes":""},"class_list":["post-19361","page","type-page","status-publish","hentry"],"_links":{"self":[{"href":"https:\/\/www.acelvakondcyclingteam.hu\/en\/wp-json\/wp\/v2\/pages\/19361","targetHints":{"allow":["GET"]}}],"collection":[{"href":"https:\/\/www.acelvakondcyclingteam.hu\/en\/wp-json\/wp\/v2\/pages"}],"about":[{"href":"https:\/\/www.acelvakondcyclingteam.hu\/en\/wp-json\/wp\/v2\/types\/page"}],"author":[{"embeddable":true,"href":"https:\/\/www.acelvakondcyclingteam.hu\/en\/wp-json\/wp\/v2\/users\/1"}],"replies":[{"embeddable":true,"href":"https:\/\/www.acelvakondcyclingteam.hu\/en\/wp-json\/wp\/v2\/comments?post=19361"}],"version-history":[{"count":64,"href":"https:\/\/www.acelvakondcyclingteam.hu\/en\/wp-json\/wp\/v2\/pages\/19361\/revisions"}],"predecessor-version":[{"id":20151,"href":"https:\/\/www.acelvakondcyclingteam.hu\/en\/wp-json\/wp\/v2\/pages\/19361\/revisions\/20151"}],"wp:attachment":[{"href":"https:\/\/www.acelvakondcyclingteam.hu\/en\/wp-json\/wp\/v2\/media?parent=19361"}],"curies":[{"name":"wp","href":"https:\/\/api.w.org\/{rel}","templated":true}]}}