{"id":19990,"date":"2024-02-11T08:52:39","date_gmt":"2024-02-11T07:52:39","guid":{"rendered":"https:\/\/www.acelvakondcyclingteam.hu\/?page_id=19990"},"modified":"2024-02-11T09:04:04","modified_gmt":"2024-02-11T08:04:04","slug":"adatkezelesi-tajekoztato","status":"publish","type":"page","link":"https:\/\/www.acelvakondcyclingteam.hu\/en\/adatkezelesi-tajekoztato\/","title":{"rendered":"Adatkezel\u00e9si t\u00e1j\u00e9koztat\u00f3"},"content":{"rendered":"<div data-elementor-type=\"wp-page\" data-elementor-id=\"19990\" class=\"elementor elementor-19990\" data-elementor-post-type=\"page\">\n\t\t\t\t<div class=\"elementor-element elementor-element-2daa38f1 e-flex e-con-boxed e-con e-parent\" data-id=\"2daa38f1\" data-element_type=\"container\">\n\t\t\t\t\t<div class=\"e-con-inner\">\n\t\t\t\t<div class=\"elementor-element elementor-element-3192c3a1 elementor-widget elementor-widget-text-editor\" data-id=\"3192c3a1\" data-element_type=\"widget\" data-widget_type=\"text-editor.default\">\n\t\t\t\t<div class=\"elementor-widget-container\">\n\t\t\t\t\t\t\t\t\t<section class=\"elementor-section elementor-top-section elementor-element elementor-element-f01cf67 elementor-section-boxed elementor-section-height-default elementor-section-height-default\" data-id=\"f01cf67\" data-element_type=\"section\" data-settings=\"{\"><div class=\"elementor-container elementor-column-gap-default\"><div class=\"elementor-row\"><div class=\"elementor-column elementor-col-100 elementor-top-column elementor-element elementor-element-49faa45\" data-id=\"49faa45\" data-element_type=\"column\"><div class=\"elementor-column-wrap elementor-element-populated\"><div class=\"elementor-widget-wrap\"><div class=\"elementor-element elementor-element-05e9a9b elementor-widget elementor-widget-text-editor is-mac\" data-id=\"05e9a9b\" data-element_type=\"widget\" data-widget_type=\"text-editor.default\"><div class=\"elementor-widget-container\"><div class=\"elementor-text-editor elementor-clearfix\"><p><strong>I. ADATKEZEL\u0150 ADATAI<\/strong><\/p><p><strong>Adatkezel\u0151 elnevez\u00e9se: Ac\u00e9l &#8211; Vakond Ker\u00e9kp\u00e1ros Sportegyes\u00fclet<\/strong><\/p><p><strong>Sz\u00e9khely<\/strong>: 8420 Zirc Kossuth L.u 72.<\/p><p><strong style=\"text-align: var(--text-align); letter-spacing: 0px; word-spacing: 0em;\">E-mail:<\/strong><span style=\"text-align: var(--text-align); letter-spacing: 0px; word-spacing: 0em;\">\u00a0 acelvakondkerekparosegyesulet@gmail.com<\/span><\/p><p><strong>Ad\u00f3sz\u00e1m:<\/strong>\u00a0<\/p><p><strong>Nyilv\u00e1ntart\u00f3 hat\u00f3s\u00e1g:\u00a0<\/strong>Veszpr\u00e9mi T\u00f6rv\u00e9nysz\u00e9k C\u00e9gb\u00edr\u00f3s\u00e1ga<\/p><p><strong>Nyilv\u00e1ntart\u00e1si sz\u00e1m:\u00a0<\/strong><\/p><p><strong>K\u00e9pviseli:<\/strong> Orosz P\u00e9ter &#8211; eln\u00f6k a tov\u00e1bbiakban: Adatkezel\u0151<\/p><p>A jelen adatkezel\u00e9si t\u00e1j\u00e9koztat\u00f3 hat\u00e1lya a\u00a0<a href=\"http:\/\/www.acelvakondcyclingteam.hu\/en\/\">www.acelvakondcyclingteam.hu<\/a>\u00a0c\u00edm alatt el\u00e9rhet\u0151 weboldal (tov\u00e1bbiakban: honlap) l\u00e1togat\u00e1sa \u00e9s a honlapon kereszt\u00fcl ig\u00e9nybe vett szolg\u00e1ltat\u00e1sok keret\u00e9ben v\u00e9gzett, az \u00d6n szem\u00e9lyes adataira vonatkoz\u00f3 adatkezel\u00e9sekre terjed ki.<\/p><\/div><\/div><\/div><\/div><\/div><\/div><\/div><\/div><\/section><section class=\"elementor-section elementor-top-section elementor-element elementor-element-5345ed3 elementor-section-boxed elementor-section-height-default elementor-section-height-default\" data-id=\"5345ed3\" data-element_type=\"section\" data-settings=\"{\"><div class=\"elementor-container elementor-column-gap-default\"><div class=\"elementor-row\"><div class=\"elementor-column elementor-col-100 elementor-top-column elementor-element elementor-element-7558379\" data-id=\"7558379\" data-element_type=\"column\"><div class=\"elementor-column-wrap elementor-element-populated\"><div class=\"elementor-widget-wrap\"><div class=\"elementor-element elementor-element-2bd43cb elementor-widget elementor-widget-text-editor is-mac\" data-id=\"2bd43cb\" data-element_type=\"widget\" data-widget_type=\"text-editor.default\"><div class=\"elementor-widget-container\"><div class=\"elementor-text-editor elementor-clearfix\"><p><strong>II. AZ ADATKEZEL\u00c9S JOGALAPJA<\/strong><\/p><p><strong>\u00a0<\/strong>Az adatkezel\u00e9s az inform\u00e1ci\u00f3s \u00f6nrendelkez\u00e9si jogr\u00f3l \u00e9s az inform\u00e1ci\u00f3szabads\u00e1gr\u00f3l sz\u00f3l\u00f3 2011. \u00e9vi CXII. t\u00f6rv\u00e9ny (\u201e<strong>Info. Tv.<\/strong>\u201d) \u00e9s az Eur\u00f3pai Parlament \u00e9s a Tan\u00e1cs (EU) 2016\/679 rendelete a term\u00e9szetes szem\u00e9lyeknek a szem\u00e9lyes adatok kezel\u00e9se tekintet\u00e9ben t\u00f6rt\u00e9n\u0151 v\u00e9delm\u00e9r\u0151l \u00e9s az ilyen adatok szabad \u00e1raml\u00e1s\u00e1r\u00f3l, valamint a 95\/46\/EK ir\u00e1nyelv hat\u00e1lyon k\u00edv\u00fcl helyez\u00e9s\u00e9r\u0151l (\u00e1ltal\u00e1nos adatv\u00e9delmi rendelet -\u201e<strong>GDPR<\/strong>\u201d) 6. cikk (1) bekezd\u00e9s a) pontj\u00e1ban, valamint a 9.cikk (2) bekezd\u00e9s a) pontj\u00e1ban meghat\u00e1rozott jogalap, azaz az\u00a0<strong><u>\u00d6n \u00f6nk\u00e9ntes \u00e9s kifejezett hozz\u00e1j\u00e1rul\u00e1sa alapj\u00e1n<\/u><\/strong>, tov\u00e1bb\u00e1 a GDPR 6. cikk (1) bekezd\u00e9s b) pontj\u00e1ban meghat\u00e1rozott jogalap, azaz\u00a0<strong><u>szerz\u0151d\u00e9s teljes\u00edt\u00e9se, valamint\u00a0<\/u><\/strong>a GDPR 6. cikk (1) bekezd\u00e9s f) pontj\u00e1ban meghat\u00e1rozott jogalap, azaz\u00a0<strong><u>jogos \u00e9rdek<\/u><\/strong>\u00a0alapj\u00e1n t\u00f6rt\u00e9nik.<\/p><\/div><\/div><\/div><\/div><\/div><\/div><\/div><\/div><\/section><section class=\"elementor-section elementor-top-section elementor-element elementor-element-1e3abd2 elementor-section-boxed elementor-section-height-default elementor-section-height-default\" data-id=\"1e3abd2\" data-element_type=\"section\" data-settings=\"{\"><div class=\"elementor-container elementor-column-gap-default\"><div class=\"elementor-row\"><div class=\"elementor-column elementor-col-100 elementor-top-column elementor-element elementor-element-b06ded1\" data-id=\"b06ded1\" data-element_type=\"column\"><div class=\"elementor-column-wrap elementor-element-populated\"><div class=\"elementor-widget-wrap\"><div class=\"elementor-element elementor-element-d9c788e elementor-widget elementor-widget-text-editor is-mac\" data-id=\"d9c788e\" data-element_type=\"widget\" data-widget_type=\"text-editor.default\"><div class=\"elementor-widget-container\"><div class=\"elementor-text-editor elementor-clearfix\"><p><strong>III. KEZELT ADATOK K\u00d6RE<\/strong><\/p><ul><li><strong>Szem\u00e9lyes adatok:<\/strong>\u00a0vezet\u00e9kn\u00e9v, keresztn\u00e9v.<\/li><li><strong>Kapcsolattart\u00e1si adatok:<\/strong>\u00a0vezet\u00e9kn\u00e9v, keresztn\u00e9v, e-mail c\u00edm, telefonsz\u00e1m.<\/li><li><strong>Informatikai adatok:<\/strong>\u00a0IP c\u00edm, a honlap l\u00e1togatotts\u00e1g\u00e1nak aktivit\u00e1s\u00e1ra vonatkoz\u00f3 adatok, az \u00d6n \u00e1ltal haszn\u00e1lt oper\u00e1ci\u00f3s rendszer \u00e9s b\u00f6ng\u00e9sz\u0151 t\u00edpusa.<\/li><\/ul><p>T\u00e1j\u00e9koztatjuk, hogy honlapunk cookie-kat haszn\u00e1l, melyek haszn\u00e1lat\u00e1r\u00f3l, illetve azok kezel\u00e9s\u00e9nek m\u00f3dj\u00e1r\u00f3l inform\u00e1ci\u00f3t a\u00a0<a href=\"https:\/\/www.acelvakondcyclingteam.hu\/en\/2024\/02\/07\/edzotabor-22\/\">www.acelvakondcyclingteam.hu\/cookie-szabalyzat<\/a>\u00a0oldalon tal\u00e1l. \u00a0\u00a0\u00a0<\/p><\/div><\/div><\/div><\/div><\/div><\/div><\/div><\/div><\/section><section class=\"elementor-section elementor-top-section elementor-element elementor-element-fec6a87 elementor-section-boxed elementor-section-height-default elementor-section-height-default\" data-id=\"fec6a87\" data-element_type=\"section\" data-settings=\"{\"><div class=\"elementor-container elementor-column-gap-default\"><div class=\"elementor-row\"><div class=\"elementor-column elementor-col-100 elementor-top-column elementor-element elementor-element-af94709\" data-id=\"af94709\" data-element_type=\"column\"><div class=\"elementor-column-wrap elementor-element-populated\"><div class=\"elementor-widget-wrap\"><div class=\"elementor-element elementor-element-4fe6ce3 elementor-widget elementor-widget-text-editor is-mac\" data-id=\"4fe6ce3\" data-element_type=\"widget\" data-widget_type=\"text-editor.default\"><div class=\"elementor-widget-container\"><div class=\"elementor-text-editor elementor-clearfix\"><p><strong>IV. ADATKEZEL\u00c9S C\u00c9LJA<\/strong><\/p><p><strong><u>III. 1) \u00e9s 2) pontban foglalt adatok kezel\u00e9s\u00e9nek c\u00e9ljai:<\/u><\/strong><\/p><ul><li>Az \u00d6nnel val\u00f3 kapcsolattart\u00e1s.<\/li><li>A honlapon kereszt\u00fcl t\u00f6rt\u00e9n\u0151 megkeres\u00e9sre val\u00f3 v\u00e1laszad\u00e1s.<\/li><\/ul><p><strong><u>III. 3) pontban foglalt adatok kezel\u00e9s\u00e9nek c\u00e9lja:<\/u><\/strong><\/p><ul><li>A honlap rendeltet\u00e9sszer\u0171 \u00e9s sz\u00ednvonalas m\u0171k\u00f6d\u00e9s\u00e9nek biztos\u00edt\u00e1sa.<\/li><li>A l\u00e1togatotts\u00e1g m\u00e9r\u00e9s\u00e9re.<\/li><\/ul><p><strong>\u00a0<\/strong><\/p><\/div><\/div><\/div><\/div><\/div><\/div><\/div><\/div><\/section><section class=\"elementor-section elementor-top-section elementor-element elementor-element-7fc724b elementor-section-boxed elementor-section-height-default elementor-section-height-default\" data-id=\"7fc724b\" data-element_type=\"section\" data-settings=\"{\"><div class=\"elementor-container elementor-column-gap-default\"><div class=\"elementor-row\"><div class=\"elementor-column elementor-col-100 elementor-top-column elementor-element elementor-element-9769cf0\" data-id=\"9769cf0\" data-element_type=\"column\"><div class=\"elementor-column-wrap elementor-element-populated\"><div class=\"elementor-widget-wrap\"><div class=\"elementor-element elementor-element-1fdc8fe elementor-widget elementor-widget-text-editor is-mac\" data-id=\"1fdc8fe\" data-element_type=\"widget\" data-widget_type=\"text-editor.default\"><div class=\"elementor-widget-container\"><div class=\"elementor-text-editor elementor-clearfix\"><p><strong>V. AZ ADATKEZEL\u00c9S ID\u0150TARTAMA<\/strong><\/p><p>Adatkezel\u0151 az \u00d6n \u00f6nk\u00e9ntes \u00e9s kifejezett hozz\u00e1j\u00e1rul\u00e1sa alapj\u00e1n kezelt szem\u00e9lyes adatait az adatkezel\u00e9sre vonatkoz\u00f3 hozz\u00e1j\u00e1rul\u00e1sa visszavon\u00e1s\u00e1ig kezeli. Az \u00d6n egy\u00e9b szem\u00e9lyes adatait 1 \u00e9vig kezelj\u00fck.<\/p><\/div><\/div><\/div><\/div><\/div><\/div><\/div><\/div><\/section><section class=\"elementor-section elementor-top-section elementor-element elementor-element-3211125 elementor-section-boxed elementor-section-height-default elementor-section-height-default\" data-id=\"3211125\" data-element_type=\"section\" data-settings=\"{\"><div class=\"elementor-container elementor-column-gap-default\"><div class=\"elementor-row\"><div class=\"elementor-column elementor-col-100 elementor-top-column elementor-element elementor-element-77b96d8\" data-id=\"77b96d8\" data-element_type=\"column\"><div class=\"elementor-column-wrap elementor-element-populated\"><div class=\"elementor-widget-wrap\"><div class=\"elementor-element elementor-element-e1165d4 elementor-widget elementor-widget-text-editor is-mac\" data-id=\"e1165d4\" data-element_type=\"widget\" data-widget_type=\"text-editor.default\"><div class=\"elementor-widget-container\"><div class=\"elementor-text-editor elementor-clearfix\"><p><strong>VI. ADATBIZTONS\u00c1G<\/strong><\/p><p><strong>\u00a0<\/strong>Az Adatkezel\u0151 ellen\u0151rz\u00e9si folyamatokat, technikai \u00e9s szervez\u00e9si int\u00e9zked\u00e9seket tart fenn hogy gondoskodjon az adatok v\u00e9delm\u00e9r\u0151l \u00e9s biztons\u00e1g\u00e1r\u00f3l, de amikor \u00d6n online megosztja szem\u00e9lyes adatait, mindig fenn\u00e1ll annak a kock\u00e1zata, hogy egy jogosulatlan harmadik f\u00e9l hozz\u00e1f\u00e9r az \u00d6n adataihoz. A jelen Adatkezel\u00e9si T\u00e1j\u00e9koztat\u00f3 szerint az \u00d6n \u00e1ltal megadott szem\u00e9lyes adatokhoz az Adatkezel\u0151 szervezet\u00e9n bel\u00fcl kiz\u00e1r\u00f3lag azon munkav\u00e1llal\u00f3k jogosultak hozz\u00e1f\u00e9rni, akiknek a hozz\u00e1f\u00e9r\u00e9se az adatkezel\u00e9si c\u00e9l megval\u00f3sul\u00e1s\u00e1hoz elengedhetetlen\u00fcl sz\u00fcks\u00e9ges. A jelen Adatkezel\u00e9si T\u00e1j\u00e9koztat\u00f3 III. pontj\u00e1ban felsorolt, \u00d6nre vonatkoz\u00f3 adatokhoz az Adatkezel\u0151 szervezet\u00e9n bel\u00fcl kiz\u00e1r\u00f3lag azon munkav\u00e1llal\u00f3k jogosultak hozz\u00e1f\u00e9rni, akiknek a hozz\u00e1f\u00e9r\u00e9se az adatkezel\u00e9si c\u00e9l megval\u00f3sul\u00e1s\u00e1hoz elengedhetetlen\u00fcl sz\u00fcks\u00e9ges.<\/p><\/div><\/div><\/div><\/div><\/div><\/div><\/div><\/div><\/section><section class=\"elementor-section elementor-top-section elementor-element elementor-element-cfe507d elementor-section-boxed elementor-section-height-default elementor-section-height-default\" data-id=\"cfe507d\" data-element_type=\"section\" data-settings=\"{\"><div class=\"elementor-container elementor-column-gap-default\"><div class=\"elementor-row\"><div class=\"elementor-column elementor-col-100 elementor-top-column elementor-element elementor-element-84b2db1\" data-id=\"84b2db1\" data-element_type=\"column\"><div class=\"elementor-column-wrap elementor-element-populated\"><div class=\"elementor-widget-wrap\"><div class=\"elementor-element elementor-element-f904236 elementor-widget elementor-widget-text-editor is-mac\" data-id=\"f904236\" data-element_type=\"widget\" data-widget_type=\"text-editor.default\"><div class=\"elementor-widget-container\"><div class=\"elementor-text-editor elementor-clearfix\"><p><strong>VII. adatkezel\u00e9ssel kapcsolatos jogok<\/strong><\/p><p><strong>\u00a0<\/strong>T\u00e1j\u00e9koztatjuk, hogy az adatkezel\u00e9ssel kapcsolatban:<\/p><ul><li>inform\u00e1ci\u00f3t k\u00e9rhet, az Adatkezel\u0151t\u0151l az \u00d6nr\u0151l kezelt adatok k\u00f6r\u00e9r\u0151l (GDPR 14. Cikk),<\/li><li>k\u00e9relmezheti a szem\u00e9lyes adatokhoz t\u00f6rt\u00e9n\u0151 hozz\u00e1f\u00e9r\u00e9st (GDPR 15. Cikk),<\/li><li>tov\u00e1bb\u00e1 k\u00e9rheti a szem\u00e9lyes adatok helyesb\u00edt\u00e9s\u00e9t (GDPR 16. Cikk),<\/li><li>vagy t\u00f6rl\u00e9s\u00e9t (GDPR 17. Cikk),<\/li><li>a szem\u00e9lyes adatok kezel\u00e9s\u00e9nek korl\u00e1toz\u00e1s\u00e1t (GDPR 18. Cikk),<\/li><li>megilleti a szem\u00e9lyes adatok hordozhat\u00f3s\u00e1g\u00e1hoz val\u00f3 jog (GDPR 20. Cikk), valamint<\/li><li>tiltakozhat szem\u00e9lyes adatai kezel\u00e9se ellen (GDPR 21. Cikk).<\/li><\/ul><p>T\u00e1j\u00e9koztatjuk, hogy amennyiben az adatkezel\u00e9s sor\u00e1n a jogai megs\u00e9rt\u00e9s\u00e9t \u00e9szleli, az al\u00e1bbi lehet\u0151s\u00e9gek \u00e1llnak rendelkez\u00e9s\u00e9re:<\/p><ul><li>k\u00f6zvetlen\u00fcl az Adatkezel\u0151h\u00f6z fordulhat postai lev\u00e9lben vagy e-mailen kereszt\u00fcl az al\u00e1bbi el\u00e9rhet\u0151s\u00e9geken: sz\u00e9khely: 8420 Zirc, Kossuth L. U. 72. vagy <a href=\"mailto:acelvakondkerekparosegyesult@gmail.com\">acelvakondkerekparosegyesult@gmail.com<\/a><\/li><li>az \u00e9rintett fel\u00fcgyeleti hat\u00f3s\u00e1gn\u00e1l, a Nemzeti Adatv\u00e9delmi \u00e9s Inform\u00e1ci\u00f3szabads\u00e1g Hat\u00f3s\u00e1gn\u00e1l (NAIH) panaszt ny\u00fajthat be. A NAIH el\u00e9rhet\u0151s\u00e9gei: sz\u00e9khely: H-1125 Budapest, Szil\u00e1gyi Erzs\u00e9bet fasor 22\/c, telefon:06-1-391-1400, e-mail:\u00a0<a href=\"mailto:ugyfelszolgalat@naih.hu\">ugyfelszolgalat@naih.hu<\/a><\/li><\/ul><p>b\u00edr\u00f3s\u00e1ghoz fordulhat adatai jogellenes kezel\u00e9se, valamint az adatbiztons\u00e1g k\u00f6vetelm\u00e9nyeinek megszeg\u00e9se eset\u00e9n. A jogszab\u00e1lyban r\u00f6gz\u00edtettek szerint \u00d6n jogosult lehet k\u00e1rt\u00e9r\u00edt\u00e9sre, valamint s\u00e9relem d\u00edjra. A b\u00edr\u00f3s\u00e1g illet\u00e9kess\u00e9g\u00e9r\u0151l \u00e9s el\u00e9rhet\u0151s\u00e9g\u00e9r\u0151l az al\u00e1bbi honlapon t\u00e1j\u00e9koz\u00f3dhat:\u00a0<a href=\"http:\/\/www.birosagok.hu\/\">www.birosagok.hu<\/a>.<\/p><\/div><\/div><\/div><\/div><\/div><\/div><\/div><\/div><\/section><section class=\"elementor-section elementor-top-section elementor-element elementor-element-5b183f0 elementor-section-boxed elementor-section-height-default elementor-section-height-default\" data-id=\"5b183f0\" data-element_type=\"section\" data-settings=\"{\"><div class=\"elementor-container elementor-column-gap-default\"><div class=\"elementor-row\"><div class=\"elementor-column elementor-col-100 elementor-top-column elementor-element elementor-element-8b0039e\" data-id=\"8b0039e\" data-element_type=\"column\"><div class=\"elementor-column-wrap elementor-element-populated\"><div class=\"elementor-widget-wrap\"><div class=\"elementor-element elementor-element-baa950d elementor-widget elementor-widget-text-editor is-mac\" data-id=\"baa950d\" data-element_type=\"widget\" data-widget_type=\"text-editor.default\"><div class=\"elementor-widget-container\"><div class=\"elementor-text-editor elementor-clearfix\"><p><strong>VIII. ADATFELDOLGOZ\u00d3K, ADATTOV\u00c1BB\u00cdT\u00c1S<\/strong><\/p><p><strong>\u00a0<\/strong>Az Adatkezel\u0151 a tev\u00e9kenys\u00e9ge ell\u00e1t\u00e1s\u00e1hoz jogosult adatfeldolgoz\u00f3t ig\u00e9nybe venni. Az adatfeldolgoz\u00f3 \u00f6n\u00e1ll\u00f3 d\u00f6nt\u00e9st nem hoz, kiz\u00e1r\u00f3lag az Adatkezel\u0151vel k\u00f6t\u00f6tt szerz\u0151d\u00e9s, \u00e9s a kapott utas\u00edt\u00e1sok szerint jogosult elj\u00e1rni. Az adatfeldolgoz\u00f3k tov\u00e1bbi adatfeldolgoz\u00f3 ig\u00e9nybe v\u00e9tel\u00e9re csak az Adatkezel\u0151 hozz\u00e1j\u00e1rul\u00e1s\u00e1val jogosultak.<\/p><p>Adatfeldolgoz\u00f3 neve: Websupport Magyarorsz\u00e1g Kft.<\/p><p>Adatfeldolgoz\u00f3 sz\u00e9khelye: 1119 Budapest, Feh\u00e9rv\u00e1ri \u00fat 97-99.<\/p><p>Az adatfeldolgoz\u00f3 saj\u00e1t adatkezel\u00e9si t\u00e1j\u00e9koztat\u00f3j\u00e1t itt olvashatja:\u00a0<a href=\"https:\/\/www.websupport.hu\/aszf\/\">\u00c1SZF<\/a><\/p><p>Az adatfeldolgoz\u00f3 nyilv\u00e1ntart\u00e1si sz\u00e1ma: NAIH-91865\/2015\u00a0<\/p><p>Az adatfeldolgoz\u00f3 az adatkezel\u00e9st az Adatkezel\u0151 utas\u00edt\u00e1sai szerint v\u00e9gzi, az adatkezel\u00e9st \u00e9rint\u0151 \u00e9rdemi d\u00f6nt\u00e9st nem hozhat, a tudom\u00e1s\u00e1ra jutott szem\u00e9lyes adatokat kiz\u00e1r\u00f3lag az Adatkezel\u0151 rendelkez\u00e9sei szerint dolgozhatja fel, saj\u00e1t c\u00e9lra adatfeldolgoz\u00e1st nem v\u00e9gezhet, tov\u00e1bb\u00e1 a szem\u00e9lyes adatokat az Adatkezel\u0151 rendelkez\u00e9sei szerint k\u00f6teles t\u00e1rolni, meg\u0151rizni \u00e9s titokban tartani. Az adatfeldolgoz\u00f3 az Adatkezel\u0151 el\u0151zetesen \u00edr\u00e1sban tett eseti vagy \u00e1ltal\u00e1nos felhatalmaz\u00e1sa n\u00e9lk\u00fcl tov\u00e1bbi adatfeldolgoz\u00f3t nem vehet ig\u00e9nybe. Adatainak feldolgoz\u00e1s\u00e1hoz kiz\u00e1r\u00f3lag megb\u00edzhat\u00f3 partnereket vesz\u00fcnk ig\u00e9nybe.<\/p><p>Az Adatkezel\u0151 szem\u00e9lyes adatot csak akkor tov\u00e1bb\u00edt harmadik szem\u00e9ly r\u00e9sz\u00e9re, ha ahhoz a Felhaszn\u00e1l\u00f3 egy\u00e9rtelm\u0171en \u2013 a tov\u00e1bb\u00edtott adatk\u00f6r \u00e9s az adattov\u00e1bb\u00edt\u00e1s c\u00edmzettje ismeret\u00e9ben \u2013 hozz\u00e1j\u00e1rult, vagy az adattov\u00e1bb\u00edt\u00e1sra t\u00f6rv\u00e9ny felhatalmaz\u00e1st ad.\u00a0<\/p><p>Az Adatkezel\u0151 jogosult \u00e9s k\u00f6teles minden olyan rendelkez\u00e9s\u00e9re \u00e1ll\u00f3 \u00e9s \u00e1ltala szab\u00e1lyszer\u0171en t\u00e1rolt szem\u00e9lyes adatot az illet\u00e9kes hat\u00f3s\u00e1goknak tov\u00e1bb\u00edtani, amely szem\u00e9lyes adat tov\u00e1bb\u00edt\u00e1s\u00e1ra \u0151t jogszab\u00e1ly vagy joger\u0151s hat\u00f3s\u00e1gi k\u00f6telez\u00e9s k\u00f6telezi. Ilyen adattov\u00e1bb\u00edt\u00e1s, valamint az ebb\u0151l sz\u00e1rmaz\u00f3 k\u00f6vetkezm\u00e9nyek miatt az Adatkezel\u0151 nem tehet\u0151 felel\u0151ss\u00e9<\/p><\/div><\/div><\/div><\/div><\/div><\/div><\/div><\/div><\/section><section class=\"elementor-section elementor-top-section elementor-element elementor-element-7a39503 elementor-section-boxed elementor-section-height-default elementor-section-height-default\" data-id=\"7a39503\" data-element_type=\"section\" data-settings=\"{\"><div class=\"elementor-container elementor-column-gap-default\"><div class=\"elementor-row\"><div class=\"elementor-column elementor-col-100 elementor-top-column elementor-element elementor-element-8883365\" data-id=\"8883365\" data-element_type=\"column\"><div class=\"elementor-column-wrap elementor-element-populated\"><div class=\"elementor-widget-wrap\"><div class=\"elementor-element elementor-element-033a39e elementor-widget elementor-widget-text-editor is-mac\" data-id=\"033a39e\" data-element_type=\"widget\" data-widget_type=\"text-editor.default\"><div class=\"elementor-widget-container\"><div class=\"elementor-text-editor elementor-clearfix\"><p><strong>\u00a0<\/strong><\/p><p><strong>IX. ADATV\u00c9DELMI TISZTVISEL\u0150<\/strong><\/p><p>T\u00e1j\u00e9koztatjuk, hogy az Adatkezel\u0151 a GDPR 37. cikke alapj\u00e1n nem k\u00f6teles adatv\u00e9delmi tisztvisel\u0151 kinevez\u00e9s\u00e9re.<\/p><\/div><\/div><\/div><\/div><\/div><\/div><\/div><\/div><\/section><section class=\"elementor-section elementor-top-section elementor-element elementor-element-68ef6e5 elementor-section-boxed elementor-section-height-default elementor-section-height-default\" data-id=\"68ef6e5\" data-element_type=\"section\" data-settings=\"{\"><div class=\"elementor-container elementor-column-gap-default\"><div class=\"elementor-row\"><div class=\"elementor-column elementor-col-100 elementor-top-column elementor-element elementor-element-51d110f\" data-id=\"51d110f\" data-element_type=\"column\"><div class=\"elementor-column-wrap elementor-element-populated\"><div class=\"elementor-widget-wrap\"><div class=\"elementor-element elementor-element-8e0a976 elementor-widget elementor-widget-text-editor is-mac\" data-id=\"8e0a976\" data-element_type=\"widget\" data-widget_type=\"text-editor.default\"><div class=\"elementor-widget-container\"><div class=\"elementor-text-editor elementor-clearfix\"><p><strong>X. KAPCSOLAT<\/strong><\/p><p>Az adatkezel\u00e9ssel, illetve a jelen t\u00e1j\u00e9koztat\u00f3ban foglaltakkal kapcsolatos k\u00e9relmeit, nyilatkozatait, \u00e9szrev\u00e9teleit az Adatkezel\u0151 al\u00e1bbi el\u00e9rhet\u0151s\u00e9geire k\u00fcld\u00f6tt e-mail vagy lev\u00e9l \u00fatj\u00e1n teheti meg:<\/p><p>postai c\u00edm: 8420 Zirc Kossuth L. u.72.<\/p><p>e-mail c\u00edm: <a href=\"mailto:acelvakondkerekparosegyesulet@gmail.com\">acelvakondkerekparosegyesulet@gmail.com<\/a><\/p><p>Az Adatkezel\u0151 jogosult a jelen Adatkezel\u00e9s T\u00e1j\u00e9koztat\u00f3 rendelkez\u00e9seit egyoldal\u00faan m\u00f3dos\u00edtani. Az Adatkezel\u00e9si T\u00e1j\u00e9koztat\u00f3 m\u00f3dos\u00edt\u00e1sa a honlapra t\u00f6rt\u00e9n\u0151 felt\u00f6lt\u00e9s id\u0151pontj\u00e1t\u00f3l hat\u00e1lyos.<\/p><p>Az Adatkezel\u0151 jogosult a jelen Adatkezel\u00e9s T\u00e1j\u00e9koztat\u00f3 rendelkez\u00e9seit egyoldal\u00faan m\u00f3dos\u00edtani. Az Adatkezel\u00e9s T\u00e1j\u00e9koztat\u00f3 m\u00f3dos\u00edt\u00e1sa a honlapon t\u00f6rt\u00e9n\u0151 megjelen\u00e9st\u0151l hat\u00e1lyos.<\/p><\/div><\/div><\/div><\/div><\/div><\/div><\/div><\/div><\/section>\t\t\t\t\t\t\t\t<\/div>\n\t\t\t\t<\/div>\n\t\t\t\t\t<\/div>\n\t\t\t\t<\/div>\n\t\t\t\t<\/div>","protected":false},"excerpt":{"rendered":"<p>I. ADATKEZEL\u0150 ADATAI Adatkezel\u0151 elnevez\u00e9se: Ac\u00e9l &#8211; Vakond Ker\u00e9kp\u00e1ros Sportegyes\u00fclet Sz\u00e9khely: 8420 Zirc Kossuth L.u 72. E-mail:\u00a0 acelvakondkerekparosegyesulet@gmail.com Ad\u00f3sz\u00e1m:\u00a0 Nyilv\u00e1ntart\u00f3 hat\u00f3s\u00e1g:\u00a0Veszpr\u00e9mi T\u00f6rv\u00e9nysz\u00e9k C\u00e9gb\u00edr\u00f3s\u00e1ga Nyilv\u00e1ntart\u00e1si sz\u00e1m:\u00a0 K\u00e9pviseli: Orosz P\u00e9ter &#8211; eln\u00f6k a tov\u00e1bbiakban: Adatkezel\u0151 A jelen adatkezel\u00e9si t\u00e1j\u00e9koztat\u00f3 hat\u00e1lya a\u00a0www.acelvakondcyclingteam.hu\u00a0c\u00edm alatt el\u00e9rhet\u0151 weboldal (tov\u00e1bbiakban: honlap) l\u00e1togat\u00e1sa \u00e9s a honlapon kereszt\u00fcl ig\u00e9nybe vett szolg\u00e1ltat\u00e1sok keret\u00e9ben v\u00e9gzett, az [&hellip;]<\/p>","protected":false},"author":1,"featured_media":0,"parent":0,"menu_order":0,"comment_status":"closed","ping_status":"closed","template":"","meta":{"footnotes":""},"class_list":["post-19990","page","type-page","status-publish","hentry"],"_links":{"self":[{"href":"https:\/\/www.acelvakondcyclingteam.hu\/en\/wp-json\/wp\/v2\/pages\/19990","targetHints":{"allow":["GET"]}}],"collection":[{"href":"https:\/\/www.acelvakondcyclingteam.hu\/en\/wp-json\/wp\/v2\/pages"}],"about":[{"href":"https:\/\/www.acelvakondcyclingteam.hu\/en\/wp-json\/wp\/v2\/types\/page"}],"author":[{"embeddable":true,"href":"https:\/\/www.acelvakondcyclingteam.hu\/en\/wp-json\/wp\/v2\/users\/1"}],"replies":[{"embeddable":true,"href":"https:\/\/www.acelvakondcyclingteam.hu\/en\/wp-json\/wp\/v2\/comments?post=19990"}],"version-history":[{"count":9,"href":"https:\/\/www.acelvakondcyclingteam.hu\/en\/wp-json\/wp\/v2\/pages\/19990\/revisions"}],"predecessor-version":[{"id":19999,"href":"https:\/\/www.acelvakondcyclingteam.hu\/en\/wp-json\/wp\/v2\/pages\/19990\/revisions\/19999"}],"wp:attachment":[{"href":"https:\/\/www.acelvakondcyclingteam.hu\/en\/wp-json\/wp\/v2\/media?parent=19990"}],"curies":[{"name":"wp","href":"https:\/\/api.w.org\/{rel}","templated":true}]}}